{"id":7830,"date":"2018-01-28T13:32:02","date_gmt":"2018-01-28T12:32:02","guid":{"rendered":"https:\/\/ibi.salesianos.edu\/colegio\/?page_id=7830"},"modified":"2025-07-15T11:40:18","modified_gmt":"2025-07-15T10:40:18","slug":"personal","status":"publish","type":"page","link":"https:\/\/ibi.salesianos.edu\/colegio\/personal\/","title":{"rendered":"personal"},"content":{"rendered":"<div id=\"fb-root\"><\/div>\n<p>[et_pb_section fb_built=\u00bb1&#8243; fullwidth=\u00bbon\u00bb _builder_version=\u00bb4.16&#8243; global_colors_info=\u00bb{}\u00bb][et_pb_fullwidth_header title=\u00bbPersonal\u00bb module_class=\u00bbpagina-imagen-cabecera\u00bb _builder_version=\u00bb4.16&#8243; title_font_size=\u00bb40px\u00bb background_color=\u00bbrgba(255, 255, 255, 0)\u00bb background_image=\u00bbhttps:\/\/ibi.salesianos.edu\/colegio\/wp-content\/uploads\/sites\/4\/2017\/08\/cabecera_pagina.png\u00bb background_layout=\u00bblight\u00bb global_colors_info=\u00bb{}\u00bb button_one_text_size__hover_enabled=\u00bboff\u00bb button_one_text_size__hover=\u00bbnull\u00bb button_two_text_size__hover_enabled=\u00bboff\u00bb button_two_text_size__hover=\u00bbnull\u00bb button_one_text_color__hover_enabled=\u00bboff\u00bb button_one_text_color__hover=\u00bbnull\u00bb button_two_text_color__hover_enabled=\u00bboff\u00bb button_two_text_color__hover=\u00bbnull\u00bb button_one_border_width__hover_enabled=\u00bboff\u00bb button_one_border_width__hover=\u00bbnull\u00bb button_two_border_width__hover_enabled=\u00bboff\u00bb button_two_border_width__hover=\u00bbnull\u00bb button_one_border_color__hover_enabled=\u00bboff\u00bb button_one_border_color__hover=\u00bbnull\u00bb button_two_border_color__hover_enabled=\u00bboff\u00bb button_two_border_color__hover=\u00bbnull\u00bb button_one_border_radius__hover_enabled=\u00bboff\u00bb button_one_border_radius__hover=\u00bbnull\u00bb button_two_border_radius__hover_enabled=\u00bboff\u00bb button_two_border_radius__hover=\u00bbnull\u00bb button_one_letter_spacing__hover_enabled=\u00bboff\u00bb button_one_letter_spacing__hover=\u00bbnull\u00bb button_two_letter_spacing__hover_enabled=\u00bboff\u00bb button_two_letter_spacing__hover=\u00bbnull\u00bb button_one_bg_color__hover_enabled=\u00bboff\u00bb button_one_bg_color__hover=\u00bbnull\u00bb button_two_bg_color__hover_enabled=\u00bboff\u00bb button_two_bg_color__hover=\u00bbnull\u00bb][\/et_pb_fullwidth_header][\/et_pb_section][et_pb_section fb_built=\u00bb1&#8243; module_class=\u00bbpagina-seccion-contenido\u00bb _builder_version=\u00bb4.16&#8243; custom_padding=\u00bb0%|||\u00bb global_colors_info=\u00bb{}\u00bb][et_pb_row module_class=\u00bbpagina-texto\u00bb _builder_version=\u00bb4.16&#8243; background_size=\u00bbinitial\u00bb background_position=\u00bbtop_left\u00bb background_repeat=\u00bbrepeat\u00bb custom_margin=\u00bb25px|||\u00bb custom_padding=\u00bb25px|||\u00bb global_colors_info=\u00bb{}\u00bb][et_pb_column type=\u00bb4_4&#8243; _builder_version=\u00bb4.16&#8243; custom_padding=\u00bb|||\u00bb global_colors_info=\u00bb{}\u00bb custom_padding__hover=\u00bb|||\u00bb][et_pb_testimonial author=\u00bbJavier Gass\u00f3 Gonz\u00e1lez\u00bb job_title=\u00bbDirector de Colegio\u00bb portrait_url=\u00bbhttps:\/\/ibi.salesianos.edu\/colegio\/wp-content\/uploads\/sites\/4\/2023\/03\/04-e1678490863626.jpg\u00bb _builder_version=\u00bb4.20.1&#8243; custom_margin=\u00bb|||\u00bb global_colors_info=\u00bb{}\u00bb]<\/p>\n<h3>\u00a1Hola familias!,<\/h3>\n<p style=\"text-align: justify;\">Soy <strong>Javi<\/strong>, director de Colegio y profesor de Educaci\u00f3n F\u00edsica en ESO, tambi\u00e9n soy miembro del Equipo Directivo.<\/p>\n<p style=\"text-align: justify;\">Es un honor y un placer formar parte de este <strong>extraordinario equipo humano<\/strong> que\u00a0cada d\u00eda se levanta con ganas e ilusi\u00f3n por mantener vivo el <strong>estilo Salesiano<\/strong> y la presencia viva de Don Bosco en nuestra Casa. Estamos convencidos de que en toda persona hay posibilidad de mejora, de\u00a0cambio y de superaci\u00f3n y en ello ponemos todo nuestro empe\u00f1o, para que nuestros <strong>ni\u00f1os y j\u00f3venes<\/strong> descubran que son capaces de lograr todo aquello que se propongan. Para conseguir nuestro objetivo contamos con un tesoro, el <strong>Sistema Preventivo<\/strong> de Don Bosco y la ayuda de Mar\u00eda Auxiliadora, adem\u00e1s de estar en constante formaci\u00f3n en <strong>nuevas metodolog\u00edas<\/strong> para adaptarnos lo mejor posible a la\u00a0realidad de nuestros alumnos.<\/p>\n<p>Estoy a vuestra disposici\u00f3n. Gracias por confiar en nosotros. Como director del centro, te presento a todo nuestro equipo.<\/p>\n<p>[\/et_pb_testimonial][\/et_pb_column][\/et_pb_row][et_pb_row module_class=\u00bbpagina-texto\u00bb _builder_version=\u00bb4.16&#8243; background_size=\u00bbinitial\u00bb background_position=\u00bbtop_left\u00bb background_repeat=\u00bbrepeat\u00bb custom_margin=\u00bb|||\u00bb custom_padding=\u00bb27px|0px|27px|20px\u00bb global_colors_info=\u00bb{}\u00bb][et_pb_column type=\u00bb4_4&#8243; _builder_version=\u00bb4.16&#8243; custom_padding=\u00bb|||\u00bb global_colors_info=\u00bb{}\u00bb custom_padding__hover=\u00bb|||\u00bb][et_pb_text _builder_version=\u00bb4.16&#8243; background_size=\u00bbinitial\u00bb background_position=\u00bbtop_left\u00bb background_repeat=\u00bbrepeat\u00bb global_colors_info=\u00bb{}\u00bb]<\/p>\n<h1><span style=\"font-size: large;\">Equipo Directivo<\/span><\/h1>\n<p>[\/et_pb_text][et_pb_text _builder_version=\u00bb4.20.1&#8243; global_colors_info=\u00bb{}\u00bb]<\/p>\n<p style=\"text-align: justify;\">El <strong>Equipo Directivo<\/strong> es el \u00f3rgano de gesti\u00f3n del Colegio y su misi\u00f3n es favorecer el funcionamiento ordinario e impulsar la acci\u00f3n educativa global.<\/p>\n<p style=\"text-align: justify;\">Est\u00e1 formado por siete personas:<\/p>\n<ul style=\"text-align: justify;\">\n<li>El director, que lo convoca y preside.<\/li>\n<li>El director de la Obra.<\/li>\n<li>El administrador.<\/li>\n<li>La coordinadora de pastoral escolar.<\/li>\n<li>El coordinador de orientaci\u00f3n e innovaci\u00f3n educativa.<\/li>\n<li>El jefe de estudios de infantil y primaria.<\/li>\n<li>La jefa de estudios\u00a0de ESO.<\/li>\n<\/ul>\n<p>[\/et_pb_text][et_pb_button button_url=\u00bbhttps:\/\/alicante.salesianos.edu\/colegio\/equipo-directivo\/\u00bb button_text=\u00bbCon\u00f3cenos\u00bb disabled_on=\u00bbon|on|on\u00bb _builder_version=\u00bb4.16&#8243; custom_button=\u00bbon\u00bb button_text_color=\u00bb#ffffff\u00bb button_bg_color=\u00bb#e02b20&#8243; button_border_width=\u00bb0px\u00bb disabled=\u00bbon\u00bb global_colors_info=\u00bb{}\u00bb button_text_size__hover_enabled=\u00bboff\u00bb button_text_size__hover=\u00bbnull\u00bb button_one_text_size__hover_enabled=\u00bboff\u00bb button_one_text_size__hover=\u00bbnull\u00bb button_two_text_size__hover_enabled=\u00bboff\u00bb button_two_text_size__hover=\u00bbnull\u00bb button_text_color__hover_enabled=\u00bboff\u00bb button_text_color__hover=\u00bbnull\u00bb button_one_text_color__hover_enabled=\u00bboff\u00bb button_one_text_color__hover=\u00bbnull\u00bb button_two_text_color__hover_enabled=\u00bboff\u00bb button_two_text_color__hover=\u00bbnull\u00bb button_border_width__hover_enabled=\u00bboff\u00bb button_border_width__hover=\u00bbnull\u00bb button_one_border_width__hover_enabled=\u00bboff\u00bb button_one_border_width__hover=\u00bbnull\u00bb button_two_border_width__hover_enabled=\u00bboff\u00bb button_two_border_width__hover=\u00bbnull\u00bb button_border_color__hover_enabled=\u00bboff\u00bb button_border_color__hover=\u00bbnull\u00bb button_one_border_color__hover_enabled=\u00bboff\u00bb button_one_border_color__hover=\u00bbnull\u00bb button_two_border_color__hover_enabled=\u00bboff\u00bb button_two_border_color__hover=\u00bbnull\u00bb button_border_radius__hover_enabled=\u00bboff\u00bb button_border_radius__hover=\u00bbnull\u00bb button_one_border_radius__hover_enabled=\u00bboff\u00bb button_one_border_radius__hover=\u00bbnull\u00bb button_two_border_radius__hover_enabled=\u00bboff\u00bb button_two_border_radius__hover=\u00bbnull\u00bb button_letter_spacing__hover_enabled=\u00bboff\u00bb button_letter_spacing__hover=\u00bbnull\u00bb button_one_letter_spacing__hover_enabled=\u00bboff\u00bb button_one_letter_spacing__hover=\u00bbnull\u00bb button_two_letter_spacing__hover_enabled=\u00bboff\u00bb button_two_letter_spacing__hover=\u00bbnull\u00bb button_bg_color__hover_enabled=\u00bboff\u00bb button_bg_color__hover=\u00bbnull\u00bb button_one_bg_color__hover_enabled=\u00bboff\u00bb button_one_bg_color__hover=\u00bbnull\u00bb button_two_bg_color__hover_enabled=\u00bboff\u00bb button_two_bg_color__hover=\u00bbnull\u00bb][\/et_pb_button][\/et_pb_column][\/et_pb_row][et_pb_row _builder_version=\u00bb4.16&#8243; background_size=\u00bbinitial\u00bb background_position=\u00bbtop_left\u00bb background_repeat=\u00bbrepeat\u00bb global_colors_info=\u00bb{}\u00bb][et_pb_column type=\u00bb4_4&#8243; _builder_version=\u00bb4.16&#8243; custom_padding=\u00bb|||\u00bb global_colors_info=\u00bb{}\u00bb custom_padding__hover=\u00bb|||\u00bb][et_pb_accordion open_toggle_text_color=\u00bb#e02b20&#8243; admin_label=\u00bbEquipos (Acorde\u00f3n)\u00bb _builder_version=\u00bb4.27.4&#8243; toggle_level=\u00bbh2&#8243; toggle_font=\u00bb|700|||||||\u00bb body_text_align=\u00bbjustify\u00bb body_line_height=\u00bb2em\u00bb hover_enabled=\u00bb0&#8243; border_radii=\u00bbon|0px|0px|0px|0px\u00bb border_width_all=\u00bb0px\u00bb border_style_all=\u00bbnone\u00bb global_colors_info=\u00bb{}\u00bb sticky_enabled=\u00bb0&#8243;][et_pb_accordion_item title=\u00bbClaustro de profesores\u00bb open=\u00bbon\u00bb _builder_version=\u00bb4.16&#8243; text_orientation=\u00bbjustified\u00bb global_colors_info=\u00bb{}\u00bb]<\/p>\n<p style=\"text-align: justify;\">El <strong>claustro de profesores<\/strong>\u00a0es el \u00f3rgano propio de participaci\u00f3n del profesorado del Colegio. Forman parte del mismo todos los profesores de ense\u00f1anzas curriculares del centro.<br \/>\nNuestro centro tiene tres etapas educativas y un total de 27 profesores.<br \/>\nPara el mejor funcionamiento del centro, hay habilitados distintos grupos de trabajo que os presentamos a continuaci\u00f3n.<\/p>\n<p>[\/et_pb_accordion_item][et_pb_accordion_item title=\u00bbDepartamento de Orientaci\u00f3n e Innovaci\u00f3n\u00bb _builder_version=\u00bb4.27.4&#8243; text_orientation=\u00bbjustified\u00bb hover_enabled=\u00bb0&#8243; global_colors_info=\u00bb{}\u00bb open=\u00bboff\u00bb sticky_enabled=\u00bb0&#8243;]&nbsp;<\/p>\n<p>El <strong>Departamento de Orientaci\u00f3n<\/strong> e innovaci\u00f3n del centro es un equipo formado por psic\u00f3logos, psicopedag\u00f3gos, pedagogos y especialistas de Pedagog\u00eda Terap\u00e9utica y Audici\u00f3n y lenguaje que trabajamos diariamente con alumnado, familias y profesorado con el objetivo de dar respuesta a las necesidades acad\u00e9micas y socio-emocionales que puedan surgir.<br \/>\nHacemos una labor de detecci\u00f3n y seguimiento de dichas necesidades en el proceso de Ense\u00f1anza-Aprendizaje. Coordinamos y asesoramos en el aprovechamiento de los recursos humanos del centro para dar respuesta a la diversidad de alumnado que existe. Acompa\u00f1amos a familias y j\u00f3venes en procesos de llegada al centro, cambios de etapa y\/o decisiones acad\u00e9micas relacionadas con el paso a estudios superiores.<br \/>\nTambi\u00e9n tenemos el cometido de aportar formaci\u00f3n continuada a las familias para ayudar a enriquecer el proceso de desarrollo personal desde casa. Todas nuestras acciones se basan en el Sistema Preventivo de Don Bosco, desde cuyo enfoque se pretende abordar los temas en su estado m\u00e1s temprano, optimizando as\u00ed los resultados.<\/p>\n<p><img loading=\"lazy\" decoding=\"async\" class=\"wp-image-10327 alignnone size-medium\" style=\"display: block; margin-left: auto; margin-right: auto;\" src=\"https:\/\/ibi.salesianos.edu\/colegio\/wp-content\/uploads\/sites\/4\/2023\/10\/DSC_3799-copia-300x200.jpg\" alt=\"\" width=\"482\" height=\"321\" srcset=\"https:\/\/ibi.salesianos.edu\/colegio\/wp-content\/uploads\/sites\/4\/2023\/10\/DSC_3799-copia-300x200.jpg 300w, https:\/\/ibi.salesianos.edu\/colegio\/wp-content\/uploads\/sites\/4\/2023\/10\/DSC_3799-copia-1024x684.jpg 1024w, https:\/\/ibi.salesianos.edu\/colegio\/wp-content\/uploads\/sites\/4\/2023\/10\/DSC_3799-copia-768x513.jpg 768w, https:\/\/ibi.salesianos.edu\/colegio\/wp-content\/uploads\/sites\/4\/2023\/10\/DSC_3799-copia-1536x1025.jpg 1536w, https:\/\/ibi.salesianos.edu\/colegio\/wp-content\/uploads\/sites\/4\/2023\/10\/DSC_3799-copia-2048x1367.jpg 2048w, https:\/\/ibi.salesianos.edu\/colegio\/wp-content\/uploads\/sites\/4\/2023\/10\/DSC_3799-copia-1080x721.jpg 1080w\" sizes=\"(max-width: 482px) 100vw, 482px\" \/><\/p>\n<div class=\"et_pb_row et_pb_row_1\">\n<div class=\"et_pb_column et_pb_column_4_4 et_pb_column_2  et_pb_css_mix_blend_mode_passthrough et-last-child\">\n<div class=\"et_pb_module et_pb_text et_pb_text_3  et_pb_text_align_center et_pb_bg_layout_light\">\n<div class=\"et_pb_text_inner\">\n<h2 style=\"text-align: center;\">\u00bfQu\u00e9 personas lo forman?<\/h2>\n<\/div>\n<table style=\"width: 100%;\">\n<tbody>\n<tr>\n<td style=\"width: 20%; text-align: center;\"><img loading=\"lazy\" decoding=\"async\" class=\"alignnone wp-image-10336 size-thumbnail\" src=\"https:\/\/ibi.salesianos.edu\/colegio\/wp-content\/uploads\/sites\/4\/2023\/10\/Ana-300x300.jpg\" alt=\"\" width=\"150\" height=\"150\" \/><\/td>\n<td style=\"width: 20%; text-align: center;\"><img loading=\"lazy\" decoding=\"async\" class=\"alignnone wp-image-10336 size-thumbnail\" src=\"https:\/\/ibi.salesianos.edu\/colegio\/wp-content\/uploads\/sites\/4\/2023\/10\/Ramon-150x150.jpg\" alt=\"\" width=\"150\" height=\"150\" \/><\/td>\n<td style=\"width: 20%; text-align: center;\"><img loading=\"lazy\" decoding=\"async\" class=\"alignnone wp-image-10337 size-thumbnail\" src=\"https:\/\/ibi.salesianos.edu\/colegio\/wp-content\/uploads\/sites\/4\/2023\/10\/Silvia-150x150.jpg\" alt=\"\" width=\"150\" height=\"150\" \/><\/td>\n<td style=\"width: 20%; text-align: center;\"><img loading=\"lazy\" decoding=\"async\" class=\"wp-image-10331 alignnone\" style=\"text-align: center;\" src=\"https:\/\/ibi.salesianos.edu\/colegio\/wp-content\/uploads\/sites\/4\/2023\/10\/Jesus-300x300.jpg\" alt=\"\" width=\"150\" height=\"150\" \/><\/td>\n<td style=\"width: 20%; text-align: center;\"><img loading=\"lazy\" decoding=\"async\" class=\"alignnone wp-image-10495 \" src=\"https:\/\/ibi.salesianos.edu\/colegio\/wp-content\/uploads\/sites\/4\/2025\/07\/clara-1-282x300.png\" alt=\"\" width=\"146\" height=\"155\" srcset=\"https:\/\/ibi.salesianos.edu\/colegio\/wp-content\/uploads\/sites\/4\/2025\/07\/clara-1-282x300.png 282w, https:\/\/ibi.salesianos.edu\/colegio\/wp-content\/uploads\/sites\/4\/2025\/07\/clara-1-964x1024.png 964w, https:\/\/ibi.salesianos.edu\/colegio\/wp-content\/uploads\/sites\/4\/2025\/07\/clara-1-768x816.png 768w, https:\/\/ibi.salesianos.edu\/colegio\/wp-content\/uploads\/sites\/4\/2025\/07\/clara-1.png 1976w\" sizes=\"(max-width: 146px) 100vw, 146px\" \/><\/td>\n<\/tr>\n<tr>\n<td style=\"width: 20%;\">\n<h2 style=\"text-align: center;\">Ana Bernabeu Brotons<\/h2>\n<p style=\"text-align: center;\">Orientadora de ESO<\/p>\n<\/td>\n<td style=\"width: 20%;\">\n<h2 style=\"text-align: center;\">Ram\u00f3n Simarro Collado<\/h2>\n<p style=\"text-align: center;\">Orientador de ESO<\/p>\n<\/td>\n<td style=\"width: 20%;\">\n<h2 style=\"text-align: center;\">S\u00edlvia Chocero Ll\u00e0cer<\/h2>\n<p style=\"text-align: center;\">Maestra especialista en AL<\/p>\n<\/td>\n<td style=\"width: 20%;\">\n<h2 style=\"text-align: center;\">Jes\u00fas Hurtado Arques<\/h2>\n<p style=\"text-align: center;\">Coordinador Dpto. Y orientador Infantil y Primaria<\/p>\n<\/td>\n<td style=\"width: 20%;\">\n<h2 style=\"text-align: center;\">Clara Vicedo Pina<\/h2>\n<p style=\"text-align: center;\">Maestra especialista en Pedagog\u00eda Terap\u00e9utica (PT)<\/p>\n<\/td>\n<\/tr>\n<\/tbody>\n<\/table>\n<\/div>\n<\/div>\n<\/div>\n<p>[\/et_pb_accordion_item][et_pb_accordion_item title=\u00bbEquipo Europa\u00bb _builder_version=\u00bb4.20.2&#8243; text_orientation=\u00bbjustified\u00bb global_colors_info=\u00bb{}\u00bb open=\u00bboff\u00bb]<\/p>\n<p style=\"text-align: justify;\">Las actividades que se organizan desde el <strong>Equipo Europa<\/strong> hacen que el alumno ampl\u00ede su horizonte, que salga de las cuatro\u00a0 paredes, f\u00edsicas y mentales, del aula. Se le ofrece algo m\u00e1s de lo que \u00e9l ya vive de forma cotidiana en el Centro. Algo que adem\u00e1s puede ampliar de forma inmediata. Los\u00a0<strong>Proyectos Escolares Europeos<\/strong> involucran tanto a los alumnos como al profesorado y familias, y abarcan\u00a0aprendizajes ling\u00fc\u00edsticos, elementos culturales, v\u00ednculos afectivos, etc. Dichas actividades implican el aprendizaje\u00a0ling\u00fc\u00edstico, la pr\u00e1ctica y el aprendizaje de habilidades sociales, el reconocimiento de los valores de ciudadan\u00eda, el\u00a0ejercicio de la autonom\u00eda personal, adem\u00e1s de facilitar la vinculaci\u00f3n y la formaci\u00f3n del profesorado, as\u00ed como el\u00a0enfoque transversal del curr\u00edculo.<\/p>\n<p style=\"text-align: justify;\">En el centro se promueve el aprendizaje tanto de la lengua inglesa como de la francesa mediante <strong>intercambios<\/strong> y\u00a0<strong>viajes ling\u00fc\u00edstico-culturales a Inglaterra y Francia<\/strong>, as\u00ed como la realizaci\u00f3n de <strong>estancias en granjas escuelas y campamentos con\u00a0actividades en ingl\u00e9s<\/strong>. Adem\u00e1s, somos miembros de la asociaci\u00f3n europea <strong>NEOS<\/strong> y participamos en proyectos <strong>Erasmus+<\/strong> (antiguo\u00a0Comenius) con distintos colegios europeos.<\/p>\n<p>[\/et_pb_accordion_item][et_pb_accordion_item title=\u00bbEquipo de Calidad\u00bb _builder_version=\u00bb4.16&#8243; text_orientation=\u00bbjustified\u00bb border_color_all=\u00bbrgba(217,217,217,0)\u00bb global_colors_info=\u00bb{}\u00bb open=\u00bboff\u00bb]<\/p>\n<p style=\"text-align: justify;\">Nuestro centro tiene el firme compromiso de la mejora continua de la eficacia del sistema de gesti\u00f3n de calidad y del cumplimiento de los requisitos que se aplican al Centro. Nuestra pol\u00edtica de calidad se ha establecido como la definici\u00f3n de la:<\/p>\n<p style=\"text-align: justify;\">\u2022\u00a0<strong>Misi\u00f3n<\/strong>: Queremos ofrecer una <strong>formaci\u00f3n integral de la persona<\/strong> en la perspectiva del honesto cristiano\/a y buen\u00a0ciudadano\/a y como servicio cualificado de la sociedad. Nuestra escuela est\u00e1 abierta a todos, y desarrolla\u00a0<span style=\"text-align: justify;\">su labor\u00a0educativa con el esp\u00edritu y el m\u00e9todo de D. Bosco:\u00a0<\/span><strong style=\"text-align: justify;\">sistema\u00a0<\/strong><img loading=\"lazy\" decoding=\"async\" class=\"size-medium wp-image-9498 alignright\" src=\"https:\/\/ibi.salesianos.edu\/colegio\/wp-content\/uploads\/sites\/4\/2018\/09\/Equipo-de-calidad-e1536848647746-300x194.jpg\" alt=\"\" width=\"300\" height=\"194\" srcset=\"https:\/\/ibi.salesianos.edu\/colegio\/wp-content\/uploads\/sites\/4\/2018\/09\/Equipo-de-calidad-e1536848647746-300x194.jpg 300w, https:\/\/ibi.salesianos.edu\/colegio\/wp-content\/uploads\/sites\/4\/2018\/09\/Equipo-de-calidad-e1536848647746-768x496.jpg 768w, https:\/\/ibi.salesianos.edu\/colegio\/wp-content\/uploads\/sites\/4\/2018\/09\/Equipo-de-calidad-e1536848647746-1024x661.jpg 1024w, https:\/\/ibi.salesianos.edu\/colegio\/wp-content\/uploads\/sites\/4\/2018\/09\/Equipo-de-calidad-e1536848647746-1080x697.jpg 1080w\" sizes=\"(max-width: 300px) 100vw, 300px\" \/><strong style=\"text-align: justify;\">preventivo<\/strong><span style=\"text-align: justify;\">.<\/span><\/p>\n<p style=\"text-align: left;\">\u2022\u00a0<strong>Visi\u00f3n<\/strong>: Queremos conseguir: &#8211; Que el alumno sea el centro\u00a0de la acci\u00f3n educativa. &#8211; Una presencia activa del educador entre los alumnos. &#8211; Un <strong>ambiente de familia<\/strong> entre toda la Comunidad Educativa. &#8211; Adaptarnos a los avances de la Sociedad (el aprendizaje de lenguas y la utilizaci\u00f3n de la Nuevas Tecnolog\u00edas).<\/p>\n<p style=\"text-align: justify;\">\u2022\u00a0<strong>Valores<\/strong>:\u00a0Nuestro Centro promueve y potencia un conjunto de\u00a0valores propios\u00a0como: apertura a Dios, confianza en\u00a0los j\u00f3venes, ambiente familiar, respeto a la vida, cercan\u00eda, acogida, personalizaci\u00f3n de las relaciones, trabajo y\u00a0esfuerzo, gratitud, amistad entre los j\u00f3venes.<\/p>\n<p>[\/et_pb_accordion_item][et_pb_accordion_item title=\u00bbEquipo de Pastoral\u00bb _builder_version=\u00bb4.20.2&#8243; text_orientation=\u00bbjustified\u00bb global_colors_info=\u00bb{}\u00bb open=\u00bboff\u00bb]<\/p>\n<p>&nbsp;<\/p>\n<p style=\"text-align: justify;\"><span style=\"text-align: justify;\">El\u00a0<\/span><strong style=\"text-align: justify;\">De<\/strong><strong style=\"text-align: justify;\">partamento de Pastoral\u00a0<\/strong><span style=\"text-align: justify;\">es el encargado de coordinar todas las acciones que llevamos a cabo en nues<\/span><span style=\"text-align: justify;\">tro colegio. Su objetivo principal es acompa\u00f1arnos a renovar nuestro esp\u00edritu misionero para caminar junto a los ni\u00f1os y j\u00f3venes de nuestras casas salesianas a fin de acogerlos, devolverles la palabra y ayudarlos a encontrarse a s\u00ed mismos, acompa\u00f1\u00e1ndolos con paciencia y afecto a lo largo del camino de crecimiento de sus valores y su confianza.<\/span><\/p>\n<p>[\/et_pb_accordion_item][et_pb_accordion_item title=\u00bbEquipo de Comunicaci\u00f3n Social y Tartana\u00bb _builder_version=\u00bb4.20.2&#8243; text_orientation=\u00bbjustified\u00bb global_colors_info=\u00bb{}\u00bb open=\u00bboff\u00bb]<\/p>\n<p>&nbsp;<\/p>\n<p style=\"text-align: justify;\"><span style=\"text-align: justify;\">El\u00a0<\/span><strong style=\"text-align: justify;\">Equipo de Comunicaci\u00f3n Social y Tartana\u00a0<\/strong><span style=\"text-align: justify;\">tiene por finalidad fomentar la creaci\u00f3n de\u00a0<\/span><span style=\"text-align: justify;\">u<\/span><span style=\"text-align: justify;\">n entorno de comunicaci\u00f3n que consiste en la comuni\u00f3n entre individuos, trabajos, proyectos y actividades, y coloca el desarrollo y el uso de la comunicaci\u00f3n al servicio de la educaci\u00f3n y la evangelizaci\u00f3n de los j\u00f3venes, sobre todo los m\u00e1s desfavorecidos, y tambi\u00e9n de la sociedad en general. (SSCS, 2011).<\/span><\/p>\n<p>[\/et_pb_accordion_item][et_pb_accordion_item title=\u00bbEquipo Qe y Datos\u00bb _builder_version=\u00bb4.20.2&#8243; text_orientation=\u00bbjustified\u00bb global_colors_info=\u00bb{}\u00bb open=\u00bboff\u00bb]<\/p>\n<p>&nbsp;<\/p>\n<p style=\"text-align: justify;\">El\u00a0<strong>Equipo Qe y de proceso de datos\u00a0<\/strong>es el responsable de gestionar todo lo referente a la organizaci\u00f3n, manejo de usuarios y tratamiento de datos, en especial su seguridad, sobre los miembros de nuestro colegio, en todos sus ambientes (alumnos, familias, profesorado, personal de administraci\u00f3n y servicios, etc.).<\/p>\n<p>[\/et_pb_accordion_item][et_pb_accordion_item title=\u00bbEquipo Deportes\u00bb _builder_version=\u00bb4.20.2&#8243; text_orientation=\u00bbjustified\u00bb global_colors_info=\u00bb{}\u00bb open=\u00bboff\u00bb]<\/p>\n<p>&nbsp;<\/p>\n<p style=\"text-align: justify;\">El\u00a0<strong>Equipo de Deportes\u00a0<\/strong>se encarga de coordinar todas las actividades que tienen lugar a lo largo del curso y que nuestro centro y en especial nuestros alumnos, participan.<\/p>\n<p>[\/et_pb_accordion_item][et_pb_accordion_item title=\u00bbPAS\u00bb _builder_version=\u00bb4.20.2&#8243; text_orientation=\u00bbjustified\u00bb global_colors_info=\u00bb{}\u00bb open=\u00bboff\u00bb]<\/p>\n<p>&nbsp;<\/p>\n<p style=\"text-align: justify;\">El <strong>personal de administraci\u00f3n y servicios (PAS)\u00a0<\/strong>son los encargados de atender a todas aquellas personas que requieren nuestros servicios no acad\u00e9micos: administraci\u00f3n, contabilidad, recepci\u00f3n, comedor, limpieza\u2026<\/p>\n<p>[\/et_pb_accordion_item][\/et_pb_accordion][\/et_pb_column][\/et_pb_row][\/et_pb_section]<\/p>\n<!-- AddThis Advanced Settings generic via filter on the_content --><!-- AddThis Share Buttons generic via filter on the_content -->","protected":false},"excerpt":{"rendered":"<p>\u00a1Hola familias!, Soy Javi, director de Colegio y profesor de Educaci\u00f3n F\u00edsica en ESO, tambi\u00e9n soy miembro del Equipo Directivo. Es un honor y un placer formar parte de este extraordinario equipo humano que\u00a0cada d\u00eda se levanta con ganas e ilusi\u00f3n por mantener vivo el estilo Salesiano y la presencia viva de Don Bosco en [&hellip;]<\/p>\n<p><!-- AddThis Advanced Settings generic via filter on get_the_excerpt --><!-- AddThis Share Buttons generic via filter on get_the_excerpt --><\/p>\n","protected":false},"author":3,"featured_media":0,"parent":0,"menu_order":0,"comment_status":"closed","ping_status":"closed","template":"","meta":{"_et_pb_use_builder":"on","_et_pb_old_content":"","_et_gb_content_width":"","om_disable_all_campaigns":false,"footnotes":""},"class_list":["post-7830","page","type-page","status-publish","hentry"],"yoast_head":"<!-- This site is optimized with the Yoast SEO plugin v28.3 - https:\/\/yoast.com\/product\/yoast-seo-wordpress\/ -->\n<title>personal - Colegio<\/title>\n<meta name=\"robots\" content=\"index, follow, max-snippet:-1, max-image-preview:large, max-video-preview:-1\" \/>\n<link rel=\"canonical\" href=\"https:\/\/ibi.salesianos.edu\/colegio\/personal\/\" \/>\n<meta property=\"og:locale\" content=\"es_ES\" \/>\n<meta property=\"og:type\" content=\"article\" \/>\n<meta property=\"og:title\" content=\"personal - Colegio\" \/>\n<meta property=\"og:description\" content=\"\u00a1Hola familias!, Soy Javi, director de Colegio y profesor de Educaci\u00f3n F\u00edsica en ESO, tambi\u00e9n soy miembro del Equipo Directivo. Es un honor y un placer formar parte de este extraordinario equipo humano que\u00a0cada d\u00eda se levanta con ganas e ilusi\u00f3n por mantener vivo el estilo Salesiano y la presencia viva de Don Bosco en [&hellip;]\" \/>\n<meta property=\"og:url\" content=\"https:\/\/ibi.salesianos.edu\/colegio\/personal\/\" \/>\n<meta property=\"og:site_name\" content=\"Colegio\" \/>\n<meta property=\"article:modified_time\" content=\"2025-07-15T10:40:18+00:00\" \/>\n<meta property=\"og:image\" content=\"https:\/\/ibi.salesianos.edu\/colegio\/wp-content\/uploads\/sites\/4\/2023\/10\/DSC_3799-copia-scaled.jpg\" \/>\n\t<meta property=\"og:image:width\" content=\"2560\" \/>\n\t<meta property=\"og:image:height\" content=\"1709\" \/>\n\t<meta property=\"og:image:type\" content=\"image\/jpeg\" \/>\n<meta name=\"twitter:card\" content=\"summary_large_image\" \/>\n<meta name=\"twitter:label1\" content=\"Tiempo de lectura\" \/>\n\t<meta name=\"twitter:data1\" content=\"7 minutos\" \/>\n<script type=\"application\/ld+json\" class=\"yoast-schema-graph\">{\"@context\":\"https:\\\/\\\/schema.org\",\"@graph\":[{\"@type\":\"WebPage\",\"@id\":\"https:\\\/\\\/ibi.salesianos.edu\\\/colegio\\\/personal\\\/\",\"url\":\"https:\\\/\\\/ibi.salesianos.edu\\\/colegio\\\/personal\\\/\",\"name\":\"personal - Colegio\",\"isPartOf\":{\"@id\":\"https:\\\/\\\/ibi.salesianos.edu\\\/colegio\\\/#website\"},\"primaryImageOfPage\":{\"@id\":\"https:\\\/\\\/ibi.salesianos.edu\\\/colegio\\\/personal\\\/#primaryimage\"},\"image\":{\"@id\":\"https:\\\/\\\/ibi.salesianos.edu\\\/colegio\\\/personal\\\/#primaryimage\"},\"thumbnailUrl\":\"https:\\\/\\\/ibi.salesianos.edu\\\/colegio\\\/wp-content\\\/uploads\\\/sites\\\/4\\\/2023\\\/10\\\/DSC_3799-copia-300x200.jpg\",\"datePublished\":\"2018-01-28T12:32:02+00:00\",\"dateModified\":\"2025-07-15T10:40:18+00:00\",\"breadcrumb\":{\"@id\":\"https:\\\/\\\/ibi.salesianos.edu\\\/colegio\\\/personal\\\/#breadcrumb\"},\"inLanguage\":\"es\",\"potentialAction\":[{\"@type\":\"ReadAction\",\"target\":[\"https:\\\/\\\/ibi.salesianos.edu\\\/colegio\\\/personal\\\/\"]}]},{\"@type\":\"ImageObject\",\"inLanguage\":\"es\",\"@id\":\"https:\\\/\\\/ibi.salesianos.edu\\\/colegio\\\/personal\\\/#primaryimage\",\"url\":\"https:\\\/\\\/ibi.salesianos.edu\\\/colegio\\\/wp-content\\\/uploads\\\/sites\\\/4\\\/2023\\\/10\\\/DSC_3799-copia-scaled.jpg\",\"contentUrl\":\"https:\\\/\\\/ibi.salesianos.edu\\\/colegio\\\/wp-content\\\/uploads\\\/sites\\\/4\\\/2023\\\/10\\\/DSC_3799-copia-scaled.jpg\",\"width\":2560,\"height\":1709},{\"@type\":\"BreadcrumbList\",\"@id\":\"https:\\\/\\\/ibi.salesianos.edu\\\/colegio\\\/personal\\\/#breadcrumb\",\"itemListElement\":[{\"@type\":\"ListItem\",\"position\":1,\"name\":\"Portada\",\"item\":\"https:\\\/\\\/ibi.salesianos.edu\\\/colegio\\\/\"},{\"@type\":\"ListItem\",\"position\":2,\"name\":\"personal\"}]},{\"@type\":\"WebSite\",\"@id\":\"https:\\\/\\\/ibi.salesianos.edu\\\/colegio\\\/#website\",\"url\":\"https:\\\/\\\/ibi.salesianos.edu\\\/colegio\\\/\",\"name\":\"Colegio\",\"description\":\"P\u00e1gina oficial de Salesianos Ibi\",\"potentialAction\":[{\"@type\":\"SearchAction\",\"target\":{\"@type\":\"EntryPoint\",\"urlTemplate\":\"https:\\\/\\\/ibi.salesianos.edu\\\/colegio\\\/?s={search_term_string}\"},\"query-input\":{\"@type\":\"PropertyValueSpecification\",\"valueRequired\":true,\"valueName\":\"search_term_string\"}}],\"inLanguage\":\"es\"}]}<\/script>\n<!-- \/ Yoast SEO plugin. -->","yoast_head_json":{"title":"personal - Colegio","robots":{"index":"index","follow":"follow","max-snippet":"max-snippet:-1","max-image-preview":"max-image-preview:large","max-video-preview":"max-video-preview:-1"},"canonical":"https:\/\/ibi.salesianos.edu\/colegio\/personal\/","og_locale":"es_ES","og_type":"article","og_title":"personal - Colegio","og_description":"\u00a1Hola familias!, Soy Javi, director de Colegio y profesor de Educaci\u00f3n F\u00edsica en ESO, tambi\u00e9n soy miembro del Equipo Directivo. Es un honor y un placer formar parte de este extraordinario equipo humano que\u00a0cada d\u00eda se levanta con ganas e ilusi\u00f3n por mantener vivo el estilo Salesiano y la presencia viva de Don Bosco en [&hellip;]","og_url":"https:\/\/ibi.salesianos.edu\/colegio\/personal\/","og_site_name":"Colegio","article_modified_time":"2025-07-15T10:40:18+00:00","og_image":[{"width":2560,"height":1709,"url":"https:\/\/ibi.salesianos.edu\/colegio\/wp-content\/uploads\/sites\/4\/2023\/10\/DSC_3799-copia-scaled.jpg","type":"image\/jpeg"}],"twitter_card":"summary_large_image","twitter_misc":{"Tiempo de lectura":"7 minutos"},"schema":{"@context":"https:\/\/schema.org","@graph":[{"@type":"WebPage","@id":"https:\/\/ibi.salesianos.edu\/colegio\/personal\/","url":"https:\/\/ibi.salesianos.edu\/colegio\/personal\/","name":"personal - Colegio","isPartOf":{"@id":"https:\/\/ibi.salesianos.edu\/colegio\/#website"},"primaryImageOfPage":{"@id":"https:\/\/ibi.salesianos.edu\/colegio\/personal\/#primaryimage"},"image":{"@id":"https:\/\/ibi.salesianos.edu\/colegio\/personal\/#primaryimage"},"thumbnailUrl":"https:\/\/ibi.salesianos.edu\/colegio\/wp-content\/uploads\/sites\/4\/2023\/10\/DSC_3799-copia-300x200.jpg","datePublished":"2018-01-28T12:32:02+00:00","dateModified":"2025-07-15T10:40:18+00:00","breadcrumb":{"@id":"https:\/\/ibi.salesianos.edu\/colegio\/personal\/#breadcrumb"},"inLanguage":"es","potentialAction":[{"@type":"ReadAction","target":["https:\/\/ibi.salesianos.edu\/colegio\/personal\/"]}]},{"@type":"ImageObject","inLanguage":"es","@id":"https:\/\/ibi.salesianos.edu\/colegio\/personal\/#primaryimage","url":"https:\/\/ibi.salesianos.edu\/colegio\/wp-content\/uploads\/sites\/4\/2023\/10\/DSC_3799-copia-scaled.jpg","contentUrl":"https:\/\/ibi.salesianos.edu\/colegio\/wp-content\/uploads\/sites\/4\/2023\/10\/DSC_3799-copia-scaled.jpg","width":2560,"height":1709},{"@type":"BreadcrumbList","@id":"https:\/\/ibi.salesianos.edu\/colegio\/personal\/#breadcrumb","itemListElement":[{"@type":"ListItem","position":1,"name":"Portada","item":"https:\/\/ibi.salesianos.edu\/colegio\/"},{"@type":"ListItem","position":2,"name":"personal"}]},{"@type":"WebSite","@id":"https:\/\/ibi.salesianos.edu\/colegio\/#website","url":"https:\/\/ibi.salesianos.edu\/colegio\/","name":"Colegio","description":"P\u00e1gina oficial de Salesianos Ibi","potentialAction":[{"@type":"SearchAction","target":{"@type":"EntryPoint","urlTemplate":"https:\/\/ibi.salesianos.edu\/colegio\/?s={search_term_string}"},"query-input":{"@type":"PropertyValueSpecification","valueRequired":true,"valueName":"search_term_string"}}],"inLanguage":"es"}]}},"_links":{"self":[{"href":"https:\/\/ibi.salesianos.edu\/colegio\/wp-json\/wp\/v2\/pages\/7830","targetHints":{"allow":["GET"]}}],"collection":[{"href":"https:\/\/ibi.salesianos.edu\/colegio\/wp-json\/wp\/v2\/pages"}],"about":[{"href":"https:\/\/ibi.salesianos.edu\/colegio\/wp-json\/wp\/v2\/types\/page"}],"author":[{"embeddable":true,"href":"https:\/\/ibi.salesianos.edu\/colegio\/wp-json\/wp\/v2\/users\/3"}],"replies":[{"embeddable":true,"href":"https:\/\/ibi.salesianos.edu\/colegio\/wp-json\/wp\/v2\/comments?post=7830"}],"version-history":[{"count":62,"href":"https:\/\/ibi.salesianos.edu\/colegio\/wp-json\/wp\/v2\/pages\/7830\/revisions"}],"predecessor-version":[{"id":10503,"href":"https:\/\/ibi.salesianos.edu\/colegio\/wp-json\/wp\/v2\/pages\/7830\/revisions\/10503"}],"wp:attachment":[{"href":"https:\/\/ibi.salesianos.edu\/colegio\/wp-json\/wp\/v2\/media?parent=7830"}],"curies":[{"name":"wp","href":"https:\/\/api.w.org\/{rel}","templated":true}]}}